{"id":1100,"date":"2020-08-03T07:36:04","date_gmt":"2020-08-03T07:36:04","guid":{"rendered":"http:\/\/daniel-behmenburg.de\/?page_id=1100"},"modified":"2020-08-29T14:57:24","modified_gmt":"2020-08-29T14:57:24","slug":"themenwoche-wohnen","status":"publish","type":"page","link":"https:\/\/daniel-behmenburg.de\/?page_id=1100","title":{"rendered":"Themenwoche Wohnen"},"content":{"rendered":"\n<div class=\"wp-block-themeisle-blocks-advanced-columns has-1-columns has-desktop-equal-layout has-tablet-equal-layout has-mobile-equal-layout has-default-gap has-vertical-unset\" id=\"wp-block-themeisle-blocks-advanced-columns-77e2ab4b\"><div class=\"wp-block-themeisle-blocks-advanced-columns-overlay\"><\/div><div class=\"innerblocks-wrap\">\n<div class=\"wp-block-themeisle-blocks-advanced-column\" id=\"wp-block-themeisle-blocks-advanced-column-045dee8a\"><\/div>\n<\/div><\/div>\n\n\n\n<figure class=\"wp-block-image size-large\"><img loading=\"lazy\" decoding=\"async\" width=\"1024\" height=\"726\" src=\"http:\/\/daniel-behmenburg.de\/wp-content\/uploads\/2020\/07\/Postkarte-A6-Woche-1-Wohnen-Daniel-1024x726.jpg\" alt=\"\" class=\"wp-image-1101\" srcset=\"https:\/\/daniel-behmenburg.de\/wp-content\/uploads\/2020\/07\/Postkarte-A6-Woche-1-Wohnen-Daniel-1024x726.jpg 1024w, https:\/\/daniel-behmenburg.de\/wp-content\/uploads\/2020\/07\/Postkarte-A6-Woche-1-Wohnen-Daniel-300x213.jpg 300w, https:\/\/daniel-behmenburg.de\/wp-content\/uploads\/2020\/07\/Postkarte-A6-Woche-1-Wohnen-Daniel-768x545.jpg 768w, https:\/\/daniel-behmenburg.de\/wp-content\/uploads\/2020\/07\/Postkarte-A6-Woche-1-Wohnen-Daniel-1536x1090.jpg 1536w, https:\/\/daniel-behmenburg.de\/wp-content\/uploads\/2020\/07\/Postkarte-A6-Woche-1-Wohnen-Daniel.jpg 1748w\" sizes=\"auto, (max-width: 1024px) 100vw, 1024px\" \/><\/figure>\n\n\n\n<figure class=\"wp-block-image size-large\"><img loading=\"lazy\" decoding=\"async\" width=\"1024\" height=\"726\" src=\"http:\/\/daniel-behmenburg.de\/wp-content\/uploads\/2020\/07\/Postkarte-A6-Woche-1-Wohnen-Daniel2-1024x726.jpg\" alt=\"\" class=\"wp-image-1102\" srcset=\"https:\/\/daniel-behmenburg.de\/wp-content\/uploads\/2020\/07\/Postkarte-A6-Woche-1-Wohnen-Daniel2-1024x726.jpg 1024w, https:\/\/daniel-behmenburg.de\/wp-content\/uploads\/2020\/07\/Postkarte-A6-Woche-1-Wohnen-Daniel2-300x213.jpg 300w, https:\/\/daniel-behmenburg.de\/wp-content\/uploads\/2020\/07\/Postkarte-A6-Woche-1-Wohnen-Daniel2-768x545.jpg 768w, https:\/\/daniel-behmenburg.de\/wp-content\/uploads\/2020\/07\/Postkarte-A6-Woche-1-Wohnen-Daniel2-1536x1090.jpg 1536w, https:\/\/daniel-behmenburg.de\/wp-content\/uploads\/2020\/07\/Postkarte-A6-Woche-1-Wohnen-Daniel2.jpg 1748w\" sizes=\"auto, (max-width: 1024px) 100vw, 1024px\" \/><\/figure>\n\n\n\n<p>Liebe Kettwigerinnen und Kettwiger,<\/p>\n\n\n\n<p>in den letzten Jahren ging es h\u00e4ufig um das Thema \u201eBauen\u201c. Und dabei fast ausschlie\u00dflich um das Thema Fl\u00e4chen und leider nie um die Frage \u201eWie wollen wir wohnen?\u201c. Dabei geh\u00f6rt doch die Frage an den Anfang der Diskussion, denn wir k\u00f6nnen jedes Grundst\u00fcck nur einmal bebauen. Wir sagen ganz deutlich: Das Leben in Kettwig muss f\u00fcr alle bezahlbar bleiben. Das, was wir hier nicht brauchen, ist immer neuer Luxuswohnraum. Eine Familie mit einem \u201enormalen\u201c Einkommen muss sich auch zuk\u00fcnftig eine zeitgem\u00e4\u00dfe Wohnung hier leisten k\u00f6nnen. Wir brauchen daf\u00fcr endlich feste und verbindliche Quoten &#8211; f\u00fcr den \u00f6ffentlich gef\u00f6rderten Wohnungsbau und f\u00fcr faire Mieten. Damit wir in Kettwig f\u00fcr Kettwiger bauen.<\/p>\n\n\n\n<p>Ein anderer Punkt in der Diskussion ist aber auch wichtig. Wir m\u00fcssen uns danach \u00fcberlegen, wo wir bauen. Das Bewahren unserer Landschaftsschutz- und Naherholungsgebiete m\u00fcssen wir dabei ebenso im Blick haben wie den Charakter unserer historischen Quartiere und Gassen. Denn diese sind ein gro\u00dfer Bestandteil unseres liebens- und lebenswerten<br>Dorfes. Modernisierung von vorhandenem Wohnraum, das Schlie\u00dfen von Baul\u00fccken und eine ma\u00dfvolle Nachverdichtung m\u00fcssen Vorrang vor einem weiteren Fl\u00e4chenfrass haben.<\/p>\n\n\n\n<p>F\u00fcr die SPD in Kettwig gr\u00fc\u00dfen ganz herzlich<br>Daniel Behmenburg &amp; Oliver Kern<\/p>\n\n\n\n<p><em>Pressemitteilung zur Themenwoche Wohnen <a href=\"http:\/\/daniel-behmenburg.de\/?p=1114\">http:\/\/daniel-behmenburg.de\/?p=1114<\/a><\/em><\/p>\n","protected":false},"excerpt":{"rendered":"<p>Liebe Kettwigerinnen und Kettwiger, in den letzten Jahren ging es h\u00e4ufig um das Thema \u201eBauen\u201c. Und dabei fast ausschlie\u00dflich um das Thema Fl\u00e4chen und leider nie um die Frage \u201eWie wollen wir wohnen?\u201c. Dabei geh\u00f6rt doch die Frage an den Anfang der Diskussion, denn wir k\u00f6nnen jedes Grundst\u00fcck nur einmal [&hellip;]<\/p>\n","protected":false},"author":1,"featured_media":0,"parent":0,"menu_order":0,"comment_status":"closed","ping_status":"closed","template":"","meta":{"footnotes":""},"class_list":["post-1100","page","type-page","status-publish","hentry"],"_links":{"self":[{"href":"https:\/\/daniel-behmenburg.de\/index.php?rest_route=\/wp\/v2\/pages\/1100","targetHints":{"allow":["GET"]}}],"collection":[{"href":"https:\/\/daniel-behmenburg.de\/index.php?rest_route=\/wp\/v2\/pages"}],"about":[{"href":"https:\/\/daniel-behmenburg.de\/index.php?rest_route=\/wp\/v2\/types\/page"}],"author":[{"embeddable":true,"href":"https:\/\/daniel-behmenburg.de\/index.php?rest_route=\/wp\/v2\/users\/1"}],"replies":[{"embeddable":true,"href":"https:\/\/daniel-behmenburg.de\/index.php?rest_route=%2Fwp%2Fv2%2Fcomments&post=1100"}],"version-history":[{"count":2,"href":"https:\/\/daniel-behmenburg.de\/index.php?rest_route=\/wp\/v2\/pages\/1100\/revisions"}],"predecessor-version":[{"id":1187,"href":"https:\/\/daniel-behmenburg.de\/index.php?rest_route=\/wp\/v2\/pages\/1100\/revisions\/1187"}],"wp:attachment":[{"href":"https:\/\/daniel-behmenburg.de\/index.php?rest_route=%2Fwp%2Fv2%2Fmedia&parent=1100"}],"curies":[{"name":"wp","href":"https:\/\/api.w.org\/{rel}","templated":true}]}}