{"id":1093,"date":"2020-07-19T18:37:12","date_gmt":"2020-07-19T18:37:12","guid":{"rendered":"http:\/\/daniel-behmenburg.de\/?page_id=1093"},"modified":"2020-09-01T06:43:15","modified_gmt":"2020-09-01T06:43:15","slug":"standpunkte","status":"publish","type":"page","link":"https:\/\/daniel-behmenburg.de\/?page_id=1093","title":{"rendered":"Standpunkte"},"content":{"rendered":"\n<p><strong>Kettwig ist ein wundervoller Stadtteil. Er ist Heimat, ein Dorf im besten Sinn. Mein jahrelanges ehrenamtliches Engagement m\u00f6chte ich zuk\u00fcnftig auch gerne dort weiterf\u00fchren, wo die Entscheidungen f\u00fcr unseren Alltag gef\u00e4llt werden: Im Rat der Stadt Essen.<\/strong><\/p>\n\n\n\n<figure class=\"wp-block-embed-youtube wp-block-embed is-type-video is-provider-youtube wp-embed-aspect-16-9 wp-has-aspect-ratio\"><div class=\"wp-block-embed__wrapper\">\n<iframe loading=\"lazy\" title=\"Essener Wunsch von Daniel Behmenburg zur Kommunalwahl 2020\" width=\"750\" height=\"422\" src=\"https:\/\/www.youtube.com\/embed\/A1woTFhLFMI?feature=oembed\" frameborder=\"0\" allow=\"accelerometer; autoplay; encrypted-media; gyroscope; picture-in-picture\" allowfullscreen><\/iframe>\n<\/div><\/figure>\n\n\n\n<figure class=\"wp-block-embed-youtube wp-block-embed is-type-video is-provider-youtube wp-embed-aspect-16-9 wp-has-aspect-ratio\"><div class=\"wp-block-embed__wrapper\">\n<iframe loading=\"lazy\" title=\"Daniel Behmenburg fu\u0308r den Stadtrat\" width=\"750\" height=\"422\" src=\"https:\/\/www.youtube.com\/embed\/kXaw_1pwmDw?feature=oembed\" frameborder=\"0\" allow=\"accelerometer; autoplay; encrypted-media; gyroscope; picture-in-picture\" allowfullscreen><\/iframe>\n<\/div><\/figure>\n\n\n\n<p>Kettwig soll lebens- und liebenswert bleiben. Dazu geh\u00f6ren der Erhalt unserer gr\u00fcnen Lungen wie aber auch eines bunten Stadtteillebens. Letzteres wird vielfach durch Vereine gestemmt. Ihre Unterst\u00fctzung ist mir ein besonderes Anliegen.<\/p>\n\n\n\n<p>Das Miteinander von Fu\u00dfg\u00e4ngern, Radfahrern, Autofahrern und Nutzern des \u00d6PNV f\u00fchrt h\u00e4ufig zu Problemen. Deshalb muss hier ein modernes und zeitgem\u00e4\u00dfes Mobilit\u00e4tskonzept entstehen.<\/p>\n\n\n\n<p>Keine gro\u00dfen Versprechungen. Nur soviel: Ich werde mich weiterhin voll einsetzen. F\u00fcr Kettwig. F\u00fcr die Menschen hier. Weil mir das alles am Herzen liegt.<\/p>\n\n\n\n<p><strong>Neugierig auf mehr? Ab Anfang August gibt es hier ein w\u00f6chentliches Update. Damit Sie wissen, wem Sie Ihre Stimme geben!<\/strong><\/p>\n\n\n\n<figure class=\"wp-block-image size-large\"><a href=\"http:\/\/daniel-behmenburg.de\/?page_id=1100\"><img loading=\"lazy\" decoding=\"async\" width=\"1024\" height=\"726\" src=\"http:\/\/daniel-behmenburg.de\/wp-content\/uploads\/2020\/07\/Postkarte-A6-Woche-1-Wohnen-Daniel-1024x726.jpg\" alt=\"\" class=\"wp-image-1101\" srcset=\"https:\/\/daniel-behmenburg.de\/wp-content\/uploads\/2020\/07\/Postkarte-A6-Woche-1-Wohnen-Daniel-1024x726.jpg 1024w, https:\/\/daniel-behmenburg.de\/wp-content\/uploads\/2020\/07\/Postkarte-A6-Woche-1-Wohnen-Daniel-300x213.jpg 300w, https:\/\/daniel-behmenburg.de\/wp-content\/uploads\/2020\/07\/Postkarte-A6-Woche-1-Wohnen-Daniel-768x545.jpg 768w, https:\/\/daniel-behmenburg.de\/wp-content\/uploads\/2020\/07\/Postkarte-A6-Woche-1-Wohnen-Daniel-1536x1090.jpg 1536w, https:\/\/daniel-behmenburg.de\/wp-content\/uploads\/2020\/07\/Postkarte-A6-Woche-1-Wohnen-Daniel.jpg 1748w\" sizes=\"auto, (max-width: 1024px) 100vw, 1024px\" \/><\/a><\/figure>\n\n\n\n<figure class=\"wp-block-image size-large\"><a href=\"http:\/\/daniel-behmenburg.de\/?page_id=1131\"><img loading=\"lazy\" decoding=\"async\" width=\"1024\" height=\"726\" src=\"http:\/\/daniel-behmenburg.de\/wp-content\/uploads\/2020\/08\/Postkarte-A6-Woche-2-Verkehr-Daniel-1024x726.jpg\" alt=\"\" class=\"wp-image-1132\" srcset=\"https:\/\/daniel-behmenburg.de\/wp-content\/uploads\/2020\/08\/Postkarte-A6-Woche-2-Verkehr-Daniel-1024x726.jpg 1024w, https:\/\/daniel-behmenburg.de\/wp-content\/uploads\/2020\/08\/Postkarte-A6-Woche-2-Verkehr-Daniel-300x213.jpg 300w, https:\/\/daniel-behmenburg.de\/wp-content\/uploads\/2020\/08\/Postkarte-A6-Woche-2-Verkehr-Daniel-768x545.jpg 768w, https:\/\/daniel-behmenburg.de\/wp-content\/uploads\/2020\/08\/Postkarte-A6-Woche-2-Verkehr-Daniel-1536x1090.jpg 1536w, https:\/\/daniel-behmenburg.de\/wp-content\/uploads\/2020\/08\/Postkarte-A6-Woche-2-Verkehr-Daniel.jpg 1748w\" sizes=\"auto, (max-width: 1024px) 100vw, 1024px\" \/><\/a><\/figure>\n\n\n\n<figure class=\"wp-block-image size-large\"><a href=\"http:\/\/daniel-behmenburg.de\/?page_id=1147\"><img loading=\"lazy\" decoding=\"async\" width=\"1024\" height=\"726\" src=\"http:\/\/daniel-behmenburg.de\/wp-content\/uploads\/2020\/08\/Postkarte-A6-Woche-3-Familie-Daniel-1024x726.jpg\" alt=\"\" class=\"wp-image-1148\" srcset=\"https:\/\/daniel-behmenburg.de\/wp-content\/uploads\/2020\/08\/Postkarte-A6-Woche-3-Familie-Daniel-1024x726.jpg 1024w, https:\/\/daniel-behmenburg.de\/wp-content\/uploads\/2020\/08\/Postkarte-A6-Woche-3-Familie-Daniel-300x213.jpg 300w, https:\/\/daniel-behmenburg.de\/wp-content\/uploads\/2020\/08\/Postkarte-A6-Woche-3-Familie-Daniel-768x545.jpg 768w, https:\/\/daniel-behmenburg.de\/wp-content\/uploads\/2020\/08\/Postkarte-A6-Woche-3-Familie-Daniel-1536x1090.jpg 1536w, https:\/\/daniel-behmenburg.de\/wp-content\/uploads\/2020\/08\/Postkarte-A6-Woche-3-Familie-Daniel.jpg 1748w\" sizes=\"auto, (max-width: 1024px) 100vw, 1024px\" \/><\/a><\/figure>\n\n\n\n<figure class=\"wp-block-image size-large\"><a href=\"http:\/\/daniel-behmenburg.de\/?page_id=1153\"><img loading=\"lazy\" decoding=\"async\" width=\"1024\" height=\"726\" src=\"http:\/\/daniel-behmenburg.de\/wp-content\/uploads\/2020\/08\/Postkarte-A6-Woche-4-Stadtteilleben-Daniel-1024x726.jpg\" alt=\"\" class=\"wp-image-1154\" srcset=\"https:\/\/daniel-behmenburg.de\/wp-content\/uploads\/2020\/08\/Postkarte-A6-Woche-4-Stadtteilleben-Daniel-1024x726.jpg 1024w, https:\/\/daniel-behmenburg.de\/wp-content\/uploads\/2020\/08\/Postkarte-A6-Woche-4-Stadtteilleben-Daniel-300x213.jpg 300w, https:\/\/daniel-behmenburg.de\/wp-content\/uploads\/2020\/08\/Postkarte-A6-Woche-4-Stadtteilleben-Daniel-768x545.jpg 768w, https:\/\/daniel-behmenburg.de\/wp-content\/uploads\/2020\/08\/Postkarte-A6-Woche-4-Stadtteilleben-Daniel-1536x1090.jpg 1536w, https:\/\/daniel-behmenburg.de\/wp-content\/uploads\/2020\/08\/Postkarte-A6-Woche-4-Stadtteilleben-Daniel.jpg 1748w\" sizes=\"auto, (max-width: 1024px) 100vw, 1024px\" \/><\/a><\/figure>\n\n\n\n<figure class=\"wp-block-image size-large\"><a href=\"http:\/\/daniel-behmenburg.de\/?page_id=1176\"><img loading=\"lazy\" decoding=\"async\" width=\"1024\" height=\"726\" src=\"http:\/\/daniel-behmenburg.de\/wp-content\/uploads\/2020\/08\/Postkarte-A6-BV-Kandidaten-1024x726.jpg\" alt=\"\" class=\"wp-image-1134\" srcset=\"https:\/\/daniel-behmenburg.de\/wp-content\/uploads\/2020\/08\/Postkarte-A6-BV-Kandidaten-1024x726.jpg 1024w, https:\/\/daniel-behmenburg.de\/wp-content\/uploads\/2020\/08\/Postkarte-A6-BV-Kandidaten-300x213.jpg 300w, https:\/\/daniel-behmenburg.de\/wp-content\/uploads\/2020\/08\/Postkarte-A6-BV-Kandidaten-768x545.jpg 768w, https:\/\/daniel-behmenburg.de\/wp-content\/uploads\/2020\/08\/Postkarte-A6-BV-Kandidaten-1536x1090.jpg 1536w, https:\/\/daniel-behmenburg.de\/wp-content\/uploads\/2020\/08\/Postkarte-A6-BV-Kandidaten.jpg 1748w\" sizes=\"auto, (max-width: 1024px) 100vw, 1024px\" \/><\/a><\/figure>\n","protected":false},"excerpt":{"rendered":"<p>Kettwig ist ein wundervoller Stadtteil. Er ist Heimat, ein Dorf im besten Sinn. Mein jahrelanges ehrenamtliches Engagement m\u00f6chte ich zuk\u00fcnftig auch gerne dort weiterf\u00fchren, wo die Entscheidungen f\u00fcr unseren Alltag gef\u00e4llt werden: Im Rat der Stadt Essen. Kettwig soll lebens- und liebenswert bleiben. Dazu geh\u00f6ren der Erhalt unserer gr\u00fcnen Lungen [&hellip;]<\/p>\n","protected":false},"author":1,"featured_media":0,"parent":0,"menu_order":0,"comment_status":"closed","ping_status":"closed","template":"","meta":{"footnotes":""},"class_list":["post-1093","page","type-page","status-publish","hentry"],"_links":{"self":[{"href":"https:\/\/daniel-behmenburg.de\/index.php?rest_route=\/wp\/v2\/pages\/1093","targetHints":{"allow":["GET"]}}],"collection":[{"href":"https:\/\/daniel-behmenburg.de\/index.php?rest_route=\/wp\/v2\/pages"}],"about":[{"href":"https:\/\/daniel-behmenburg.de\/index.php?rest_route=\/wp\/v2\/types\/page"}],"author":[{"embeddable":true,"href":"https:\/\/daniel-behmenburg.de\/index.php?rest_route=\/wp\/v2\/users\/1"}],"replies":[{"embeddable":true,"href":"https:\/\/daniel-behmenburg.de\/index.php?rest_route=%2Fwp%2Fv2%2Fcomments&post=1093"}],"version-history":[{"count":5,"href":"https:\/\/daniel-behmenburg.de\/index.php?rest_route=\/wp\/v2\/pages\/1093\/revisions"}],"predecessor-version":[{"id":1195,"href":"https:\/\/daniel-behmenburg.de\/index.php?rest_route=\/wp\/v2\/pages\/1093\/revisions\/1195"}],"wp:attachment":[{"href":"https:\/\/daniel-behmenburg.de\/index.php?rest_route=%2Fwp%2Fv2%2Fmedia&parent=1093"}],"curies":[{"name":"wp","href":"https:\/\/api.w.org\/{rel}","templated":true}]}}