{"id":1026,"date":"2020-06-22T17:36:46","date_gmt":"2020-06-22T17:36:46","guid":{"rendered":"http:\/\/daniel-behmenburg.de\/?page_id=1026"},"modified":"2020-12-13T12:29:21","modified_gmt":"2020-12-13T12:29:21","slug":"immer-gut-informiert","status":"publish","type":"page","link":"https:\/\/daniel-behmenburg.de\/?page_id=1026","title":{"rendered":"Immer gut informiert"},"content":{"rendered":"\n<div class=\"wp-block-themeisle-blocks-advanced-columns has-1-columns has-desktop-equal-layout has-tablet-equal-layout has-mobile-equal-layout has-default-gap has-vertical-unset\" id=\"wp-block-themeisle-blocks-advanced-columns-3e61b26b\"><div class=\"wp-block-themeisle-blocks-advanced-columns-overlay\"><\/div><div class=\"innerblocks-wrap\">\n<div class=\"wp-block-themeisle-blocks-advanced-column\" id=\"wp-block-themeisle-blocks-advanced-column-f09442b0\">\n<p>Nicht selten kommt es vor, dass Kritik an politischen Beschl\u00fcssen aufkommt, die bereits Monate oder l\u00e4nger zur\u00fcckliegen. Das ist insbesondere deshalb schade, weil bei der Kritik h\u00e4ufig gute Ideen und Anregungen dabei sind, die in einer bereits weit fortgeschrittenen Planungsphase leider nicht mehr ber\u00fccksichtigt werden k\u00f6nnen. Und das ist eigentlich auch ziemlich unn\u00f6tig, weil es noch nie so einfach wie in unserem digitalen Zeitalter war, sich auf dem aktuellen Stand zu halten. Alle Sitzungsunterlagen der politischen Gremien k\u00f6nnen zum Beispiel von jedermann vor der Sitzung eingesehen werden. Auch wenn ich finde, dass eine gewisse Holschuld bei Informationen besteht, m\u00f6chte ich mit dieser Seite ein paar Links an die Hand geben, wo man sich gut und schnell einen \u00dcberblick verschaffen kann. Diese Links sind jeweils bei den betreffenden Stellen hinterlegt.<\/p>\n\n\n\n<p>Ein wichtiges Informationsmedium ist nat\u00fcrlich die <strong>Tagespresse<\/strong>. In WAZ und NRZ findet sich au\u00dfer montags auch immer die Stadtteilzeitung f\u00fcr <a rel=\"noreferrer noopener\" href=\"https:\/\/www.waz.de\/staedte\/essen\/kettwig-und-werden\/\" target=\"_blank\">Werden und Kettwig<\/a> wie auch f\u00fcr <a rel=\"noreferrer noopener\" href=\"https:\/\/www.waz.de\/staedte\/essen\/sued\/\" target=\"_blank\">Bredeney<\/a>. Der Kettwig Kurier, der Werden Kurier und der S\u00fcdanzeiger haben im <a rel=\"noreferrer noopener\" href=\"https:\/\/www.lokalkompass.de\/essen\" target=\"_blank\">Lokalkompass<\/a> einen eigenen Webauftritt. Die Werdener Nachrichten sind online mit <a rel=\"noreferrer noopener\" href=\"https:\/\/waddische.de\/\" target=\"_blank\">Waddische<\/a> vertreten und haben auch einen interessanten <a rel=\"noreferrer noopener\" href=\"https:\/\/www.facebook.com\/waddische\" target=\"_blank\">Facebookauftritt<\/a>. Dar\u00fcber hinaus sind <strong>Stadtteilseiten in den sozialen Netzwerken<\/strong> wie <a rel=\"noreferrer noopener\" href=\"https:\/\/www.facebook.com\/kettwigintern\/\" target=\"_blank\">Kettwig intern<\/a> und <a rel=\"noreferrer noopener\" href=\"https:\/\/www.facebook.com\/45239werden\/\" target=\"_blank\">Essen-Werden<\/a> interessant.<\/p>\n\n\n\n<p>Bei den politischen Gremien macht es Sinn, regelm\u00e4\u00dfig in die <strong>Tagesordnungen vom Rat der Stadt Essen und der Bezirksvertretung IX<\/strong> reinzuschauen. Die Sitzungstermine in 2021 sind (durch einen Klick auf das Datum gelangt Ihr zu den Sitzungsunterlagen):<\/p>\n\n\n\n<ul class=\"wp-block-list\"><li><a rel=\"noreferrer noopener\" href=\"https:\/\/ris.essen.de\/tops\/?__=UGhVM0hpd2NXNFdFcExjZeA7con5_cBJXpZdqRoSOKk\" target=\"_blank\">20. Januar \u2013 Rat der Stadt Essen<\/a><\/li><li><a rel=\"noreferrer noopener\" href=\"https:\/\/ris.essen.de\/tops\/?__=UGhVM0hpd2NXNFdFcExjZe04DMC0GV52B1pWO0paiug\" target=\"_blank\">26. Januar \u2013 Bezirksvertretung IX<\/a><\/li><li><a rel=\"noreferrer noopener\" href=\"https:\/\/ris.essen.de\/tops\/?__=UGhVM0hpd2NXNFdFcExjZWh0BKuuSDJ8bg1GyCF7zao\" target=\"_blank\">23. Februar &#8211; Bezirksvertretung IX<\/a><\/li><li><a rel=\"noreferrer noopener\" href=\"https:\/\/ris.essen.de\/tops\/?__=UGhVM0hpd2NXNFdFcExjZW3m11XmngpX83NXN1UthbI\" target=\"_blank\">24. Februar &#8211; Rat der Stadt Essen<\/a><\/li><li><a rel=\"noreferrer noopener\" href=\"https:\/\/ris.essen.de\/tops\/?__=UGhVM0hpd2NXNFdFcExjZe9ANpDiAzcn9d3jUIZpMnQ\" target=\"_blank\">23. M\u00e4rz &#8211; Bezirksvertretung IX<\/a><\/li><li><a rel=\"noreferrer noopener\" href=\"https:\/\/ris.essen.de\/tops\/?__=UGhVM0hpd2NXNFdFcExjZbtjIkCdtVugUffU151dD8M\" target=\"_blank\">24. M\u00e4rz &#8211; Rat der Stadt Essen<\/a><\/li><li><a rel=\"noreferrer noopener\" href=\"https:\/\/ris.essen.de\/tops\/?__=UGhVM0hpd2NXNFdFcExjZVb3vwIC1Uy2n21bq0glalg\" target=\"_blank\">12. Mai &#8211; Rat der Stadt Essen<\/a><\/li><li><a rel=\"noreferrer noopener\" href=\"https:\/\/ris.essen.de\/tops\/?__=UGhVM0hpd2NXNFdFcExjZSEIWZuoggfpCHJ6yDthzi4\" target=\"_blank\">25. Mai &#8211; Bezirksvertretung IX<\/a><\/li><li><a rel=\"noreferrer noopener\" href=\"https:\/\/ris.essen.de\/tops\/?__=UGhVM0hpd2NXNFdFcExjZRyjIT51csCQa6sD74BJ3Dc\" target=\"_blank\">29. Juni &#8211; Bezirksvertretung IX<\/a><\/li><li><a rel=\"noreferrer noopener\" href=\"https:\/\/ris.essen.de\/tops\/?__=UGhVM0hpd2NXNFdFcExjZS3cm7yxJDeKNw1tEy6pdQ0\" target=\"_blank\">30. Juni &#8211; Rat der Stadt Essen<\/a><\/li><li><a rel=\"noreferrer noopener\" href=\"https:\/\/ris.essen.de\/tops\/?__=UGhVM0hpd2NXNFdFcExjZRDTtRGp6Vft4vYIVmYE9Ss\" target=\"_blank\">25. August &#8211; Rat der Stadt Essen<\/a><\/li><li><a rel=\"noreferrer noopener\" href=\"https:\/\/ris.essen.de\/tops\/?__=UGhVM0hpd2NXNFdFcExjZdz6KJOwxxU3xZMUiHyUpTY\" target=\"_blank\">22. September &#8211; Rat der Stadt Essen<\/a><\/li><li><a rel=\"noreferrer noopener\" href=\"https:\/\/ris.essen.de\/tops\/?__=UGhVM0hpd2NXNFdFcExjZaIdh2u2vQd322xT3Z3-CVY\" target=\"_blank\">28. September &#8211; Bezirksvertretung IX<\/a><\/li><li><a rel=\"noreferrer noopener\" href=\"https:\/\/ris.essen.de\/tops\/?__=UGhVM0hpd2NXNFdFcExjZS2KczdafDOo9N3jvdSUYqU\" target=\"_blank\">17. November &#8211; Rat der Stadt Essen<\/a><\/li><li><a rel=\"noreferrer noopener\" href=\"https:\/\/ris.essen.de\/tops\/?__=UGhVM0hpd2NXNFdFcExjZeUVGZAlyCwW_yZjoEiA164\" target=\"_blank\">30. November &#8211; Bezirksvertretung IX<\/a><\/li><li><a href=\"https:\/\/ris.essen.de\/tops\/?__=UGhVM0hpd2NXNFdFcExjZfUUpH-kenyWgnyr3l7fCKo\" target=\"_blank\" rel=\"noreferrer noopener\">15. Dezember &#8211; Rat der Stadt Essen<\/a><\/li><\/ul>\n\n\n\n<p>Die Unterseite mit den Tagesordnungen ist hier jeweils per Link verkn\u00fcpft. Die Sitzungsunterlagen sind in der Regel ca. 10 Tage vor dem jeweiligen Termin verf\u00fcgbar. Einfach mal beizeiten den Link anklicken. Mit den beiden Gremien hat man zwar keinen allumfassenden Einblick in alle Themen, aber es stellt einen guten \u00dcberblick f\u00fcr die aktuellen Diskussionen im Stadtbezirk IX dar. Die <strong>Sitzungen des Rates<\/strong> werden dar\u00fcber hinaus im <strong>Livestream<\/strong> \u00fcbertragen. Livestream und Aufzeichnungen \u00e4lterer Sitzungen gibt es unter diesem <a href=\"https:\/\/www.essen.de\/rathaus\/rat\/ratssitzungen_online.de.html\" target=\"_blank\" rel=\"noreferrer noopener\">Link<\/a>.<\/p>\n\n\n\n<p>Dar\u00fcber hinaus gibt es \u00f6ffentliche Bekanntmachungen im <strong>Amtsblatt der Stadt Essen<\/strong>. Dieses ist seit Jahresbeginn unter <a href=\"https:\/\/89c220fa-644d-432d-835a-913aa95d69bf\/amtsblatt.essen.de\" target=\"_blank\" rel=\"noreferrer noopener\">amtsblatt.essen.de<\/a> online verf\u00fcgbar. Hier kann man sich auf den f\u00fcr den regelm\u00e4\u00dfigen Newsletter eintragen, damit man schnell und problemlos \u00fcber jedes neu erschienene Amtsblatt informiert wird.<\/p>\n<\/div>\n<\/div><\/div>\n","protected":false},"excerpt":{"rendered":"","protected":false},"author":1,"featured_media":0,"parent":0,"menu_order":0,"comment_status":"closed","ping_status":"closed","template":"","meta":{"footnotes":""},"class_list":["post-1026","page","type-page","status-publish","hentry"],"_links":{"self":[{"href":"https:\/\/daniel-behmenburg.de\/index.php?rest_route=\/wp\/v2\/pages\/1026","targetHints":{"allow":["GET"]}}],"collection":[{"href":"https:\/\/daniel-behmenburg.de\/index.php?rest_route=\/wp\/v2\/pages"}],"about":[{"href":"https:\/\/daniel-behmenburg.de\/index.php?rest_route=\/wp\/v2\/types\/page"}],"author":[{"embeddable":true,"href":"https:\/\/daniel-behmenburg.de\/index.php?rest_route=\/wp\/v2\/users\/1"}],"replies":[{"embeddable":true,"href":"https:\/\/daniel-behmenburg.de\/index.php?rest_route=%2Fwp%2Fv2%2Fcomments&post=1026"}],"version-history":[{"count":2,"href":"https:\/\/daniel-behmenburg.de\/index.php?rest_route=\/wp\/v2\/pages\/1026\/revisions"}],"predecessor-version":[{"id":1351,"href":"https:\/\/daniel-behmenburg.de\/index.php?rest_route=\/wp\/v2\/pages\/1026\/revisions\/1351"}],"wp:attachment":[{"href":"https:\/\/daniel-behmenburg.de\/index.php?rest_route=%2Fwp%2Fv2%2Fmedia&parent=1026"}],"curies":[{"name":"wp","href":"https:\/\/api.w.org\/{rel}","templated":true}]}}